{"id":5672705,"date":"2024-11-17T11:12:34","date_gmt":"2024-11-17T11:12:34","guid":{"rendered":"https:\/\/www.amiciterzomondo.com\/?page_id=5672705"},"modified":"2024-11-17T11:13:15","modified_gmt":"2024-11-17T11:13:15","slug":"kalender-der-solidaritaet-2025","status":"publish","type":"page","link":"https:\/\/www.amiciterzomondo.com\/index.php\/de\/kalender-der-solidaritaet-2025\/","title":{"rendered":"Kalender der Solidarit\u00e4t 2025"},"content":{"rendered":"<section class=\"wpb-content-wrapper\">[vc_row][vc_column]<div class=\"norebro-heading-sc heading text-left\"\n\tid=\"norebro-custom-69f752d29613d\" \n\t \n\t>\n\t\n\t\n\t\n\t<h3 class=\"title\">\n\t\tKalender der Solidarit\u00e4t 2025\t<\/h3>\n\n\t\n\t\t\t<p class=\"subtitle\">\n\t\t\t\t\t<\/p>\n\t\t\n<\/div>[vc_empty_space height=&#8221;60px&#8221;][\/vc_column][\/vc_row][vc_row][vc_column width=&#8221;1\/4&#8243;][vc_empty_space height=&#8221;10px&#8221;][vc_single_image image=&#8221;5672707&#8243; img_size=&#8221;full&#8221; onclick=&#8221;custom_link&#8221; link=&#8221;\/wp-content\/uploads\/sites\/7\/2024\/11\/Calendario2025-1.pdf&#8221;][vc_empty_space height=&#8221;10px&#8221;][vc_single_image image=&#8221;5672708&#8243; img_size=&#8221;full&#8221; onclick=&#8221;custom_link&#8221; link=&#8221;\/wp-content\/uploads\/sites\/7\/2024\/11\/Calendario2025-1.pdf&#8221;]<div class=\"norebro-button-sc btn-wrap text-center\" \n\tid=\"norebro-custom-69f752d29623f\"\n\t \n\t>\n\n\t<a href=\"\/wp-content\/uploads\/sites\/7\/2024\/11\/Calendario2025-1.pdf\" \n\t\tclass=\"btn  btn-link btn-large\">\n\n\t\t\n\t\t<span class=\"text\">\n\t\t\tKalender PDF | Klick hier\t\t<\/span>\n\n\t\t\n\t\t\t\t\t<span class=\"icon-arrow ion-ios-arrow-thin-right\"><\/span>\n\t\t\t<\/a>\n\n<\/div>[\/vc_column][vc_column width=&#8221;3\/4&#8243;][vc_column_text]\n<p class=\"p1\">Liebe Freunde<\/p>\n<p>2024 haben Sie zusammen CHF 45\u2018000 gespendet. Dank einer F\u00f6rderung durch den Liechten-steinische Entwicklungsdienst (LED) \u00fcber CHF 10\u2018000 f\u00fcr die Entwicklung eines \u00abintelligenten Bew\u00e4sserungssystems\u00bb in Bafang, Kamerun, konnten wir CHF 55\u2018000 verteilen. Ein herzliches Vergelt\u2019s Gott f\u00fcr Ihre grosse Unterst\u00fctzung! \u00abGemeinsam die Zukunft der Welt gestalten\u00bb.<\/p>\n<p class=\"p1\">Der Solidarit\u00e4ts\u00ackalender 2025 will eine Hommage an die Frau sein. Bei Nachrich\u00acten von Krieg, Armut, Not und Elend h\u00f6ren sind oft Frauen und Kinder am meisten betroffen. Aller Widrigkeiten zum Trotz setzen sich Frauen f\u00fcr eine bessere Zukunft ein, halten die Gesellschaft zusammen und erm\u00f6glichen Kindern, von einer besseren Welt zu tr\u00e4umen.<\/p>\n<p class=\"p1\">Die Fotos unseres Vorstands\u00acmitglieds Dan Romeo von Gesichtern junger M\u00e4dchen und \u00e4lteren Frauen erz\u00e4hlen aus deren Leben.<\/p>\n<p class=\"p1\">Wie in den vergangenen Jahren sammeln wir mit dem Solidarit\u00e4tskalender 2025 f\u00fcr huma-nit\u00e4re Programme f\u00fcr eine gemeinsame Welt. Zusammen mit unseren Partnern vor Ort unterst\u00fctzen wir Projekte, die Menschen in Regionen f\u00f6rdern, die auf der Welt benachteiligt sind. Unser Verein Freunde Dritte Welt ist inzwischen als gemeinn\u00fctziger Verein anerkannt.<\/p>\n<p class=\"p1\">Spenden ab CHF 100.- sind nun von der Steuer absetzbar Der Erl\u00f6s der Sammlung aus dem Kalender 2025 fliesst in folgende Programme:<\/p>\n<ul>\n<li class=\"p1\">Adoptionsprogramm f\u00fcr Leyte, Philippinen<\/li>\n<li class=\"p1\">Renovation einer Mensa f\u00fcr \u00e4ltere Menschen in der Di\u00f6zese Beira, Mosambique<\/li>\n<li class=\"p1\">Beitrag f\u00fcr 170 Obdachlose, die in einem Tageszentrum betreut werden in der Di\u00f6zese von Emdibir, \u00c4thiopien<\/li>\n<li class=\"p1\">Unterst\u00fctzung von Sozialprojekten in der Di\u00f6zese Abomey, Benin<\/li>\n<li class=\"p1\">Zwei M\u00fchlsteine f\u00fcr das Dorf Batack, Kamerun<\/li>\n<li class=\"p1\">Unterst\u00fctzung einer Privatschule in Benin<\/li>\n<li class=\"p1\">Bildungszentrum f\u00fcr M\u00e4dchen in Togo Im Namen von Don Egidio Todeschini, Initiator des Vereins Freunde Dritte Welt, und meiner Vorstandskollegen danke ich Ihnen f\u00fcr Ihre grossz\u00fcgige Unterst\u00fctzung und w\u00fcnsche Ihnen ein gutes und gesundes 2025.<\/li>\n<\/ul>\n<p class=\"p1\">Karl Anton Wohlwend<br \/>\nPr\u00e4sident des Vereins<br \/>\n\u00abAmici Terzo Mondo &#8211; Freunde Dritte Welt \u2013 Amis Tiers Monde\u00bb<\/p>\n[\/vc_column_text][vc_column_text]<strong>Du kannst unsere Projekte und Aktivit\u00e4ten mit deiner Spende \u00fcber folgendes Bankkonto unterst\u00fctzen<\/strong><\/p>\n<p><strong>IBAN LI90 0880 0565 6348 8200 1<\/strong><br \/>\nLiechtensteinische Landesbank AG<br \/>\n9490 Vaduz \u2013 Liechtenstein[\/vc_column_text][\/vc_column][\/vc_row]\n<\/section>","protected":false},"excerpt":{"rendered":"<p>[vc_row][vc_column][vc_empty_space height=&#8221;60px&#8221;][\/vc_column][\/vc_row][vc_row][vc_column width=&#8221;1\/4&#8243;][vc_empty_space height=&#8221;10px&#8221;][vc_single_image image=&#8221;5672707&#8243; img_size=&#8221;full&#8221; onclick=&#8221;custom_link&#8221; link=&#8221;\/wp-content\/uploads\/sites\/7\/2024\/11\/Calendario2025-1.pdf&#8221;][vc_empty_space height=&#8221;10px&#8221;][vc_single_image image=&#8221;5672708&#8243; img_size=&#8221;full&#8221; onclick=&#8221;custom_link&#8221; link=&#8221;\/wp-content\/uploads\/sites\/7\/2024\/11\/Calendario2025-1.pdf&#8221;][\/vc_column][vc_column width=&#8221;3\/4&#8243;][vc_column_text]&#8230;<\/p>\n","protected":false},"author":1,"featured_media":0,"parent":0,"menu_order":0,"comment_status":"closed","ping_status":"closed","template":"","meta":{"footnotes":""},"class_list":["post-5672705","page","type-page","status-publish","hentry"],"_links":{"self":[{"href":"https:\/\/www.amiciterzomondo.com\/index.php\/wp-json\/wp\/v2\/pages\/5672705","targetHints":{"allow":["GET"]}}],"collection":[{"href":"https:\/\/www.amiciterzomondo.com\/index.php\/wp-json\/wp\/v2\/pages"}],"about":[{"href":"https:\/\/www.amiciterzomondo.com\/index.php\/wp-json\/wp\/v2\/types\/page"}],"author":[{"embeddable":true,"href":"https:\/\/www.amiciterzomondo.com\/index.php\/wp-json\/wp\/v2\/users\/1"}],"replies":[{"embeddable":true,"href":"https:\/\/www.amiciterzomondo.com\/index.php\/wp-json\/wp\/v2\/comments?post=5672705"}],"version-history":[{"count":4,"href":"https:\/\/www.amiciterzomondo.com\/index.php\/wp-json\/wp\/v2\/pages\/5672705\/revisions"}],"predecessor-version":[{"id":5672712,"href":"https:\/\/www.amiciterzomondo.com\/index.php\/wp-json\/wp\/v2\/pages\/5672705\/revisions\/5672712"}],"wp:attachment":[{"href":"https:\/\/www.amiciterzomondo.com\/index.php\/wp-json\/wp\/v2\/media?parent=5672705"}],"curies":[{"name":"wp","href":"https:\/\/api.w.org\/{rel}","templated":true}]}}